{"id":144,"date":"2021-11-19T15:01:29","date_gmt":"2021-11-19T15:01:29","guid":{"rendered":"http:\/\/www.rundertischgegengewalt-rbk.de\/?page_id=144"},"modified":"2021-11-20T15:35:49","modified_gmt":"2021-11-20T15:35:49","slug":"datenschutzerklaerung","status":"publish","type":"page","link":"https:\/\/www.rundertischgegengewalt-rbk.de\/?page_id=144","title":{"rendered":"Datenschutzerkl\u00e4rung"},"content":{"rendered":"<div class='flex_column av-av_one_fifth-c2a00ff35b004eb819071d9269634284 av_one_fifth  avia-builder-el-0  el_before_av_four_fifth  avia-builder-el-first  first no_margin flex_column_div av-hide-on-mobile '   ><\/div>\n\n<style type=\"text\/css\" data-created_by=\"avia_inline_auto\" id=\"style-css-av-kw6i62de-fbc1a2670b2e6c42231182f6fc168f37\">\n.flex_column.av-kw6i62de-fbc1a2670b2e6c42231182f6fc168f37{\nborder-radius:0 0 0 130px;\n-webkit-border-radius:0 0 0 130px;\n-moz-border-radius:0 0 0 130px;\npadding:0 0 0 0;\n}\n<\/style>\n<div class='flex_column av-kw6i62de-fbc1a2670b2e6c42231182f6fc168f37 av_four_fifth  avia-builder-el-1  el_after_av_one_fifth  avia-builder-el-last  no_margin flex_column_div '   ><p>\n<style type=\"text\/css\" data-created_by=\"avia_inline_auto\" id=\"style-css-av-kw6i7ko2-7309d6075ef0ed0a3f748a6ace5f2c23\">\n#top .av-special-heading.av-kw6i7ko2-7309d6075ef0ed0a3f748a6ace5f2c23{\npadding-bottom:10px;\n}\n<\/style>\n<div  class='av-special-heading av-kw6i7ko2-7309d6075ef0ed0a3f748a6ace5f2c23 av-special-heading-h3 blockquote modern-quote  avia-builder-el-2  el_before_av_textblock  avia-builder-el-first  '><h3 class='av-special-heading-tag '  itemprop=\"headline\"  >Datenschutzerkl\u00e4rung<\/h3><div class='special-heading-border'><div class='special-heading-inner-border'><\/div><\/div><\/div><br \/>\n<section class=\"av_textblock_section \"  itemscope=\"itemscope\" itemtype=\"https:\/\/schema.org\/CreativeWork\" ><div class='avia_textblock  '   itemprop=\"text\" ><p><strong>Datenschutzrechtliche Hinweise<\/strong><\/p>\n<p>Verantwortliche Stelle im Sinne der Datenschutzgesetze ist:<br \/>\nRheinisch-Bergischer Kreis<br \/>\nDer Landrat<br \/>\nAm R\u00fcbezahlwald 7<br \/>\n51469 Bergisch Gladbach<br \/>\nTelefon: + 49 2202 13-0<br \/>\nTelefax: + 49 2202 13-10 2600<br \/>\nE-Mail:\u00a0<a href=\"mailto:info@rbk-online.de\" target=\"_blank\" rel=\"noopener\">info@rbk-online.de<\/a><\/p>\n<p>Bei weiteren Fragen zum Datenschutz in der Verwaltung des Rheinisch-Bergischen\u00a0Kreises wenden Sie sich bitte an den Datenschutzbeauftragten der Kreisverwaltung,\u00a0Klaus Moers, Telefon: 0 22 02 \/ 13 21 53,\u00a0E-Mail an den Datenschutzbeauftragten.<\/p>\n<p>Weitere Informationen zum Datenschutz im Rheinisch-Bergischen Kreis k\u00f6nnen Sie\u00a0in der\u00a0Datenschutzerkl\u00e4rung zur EU Datenschutzgrundverordnung\u00a0<wbr \/>bzw.\u00a0Datenschutzerkl\u00e4rung LEICHT\u00a0einsehen.<\/p>\n<p><strong>Erfassung allgemeiner Informationen<\/strong><br \/>\nWenn Sie auf unsere Webseite zugreifen, werden automatisch Informationen\u00a0allgemeiner Natur erfasst. Diese Informationen (Server-Logfiles) beinhalten etwa die\u00a0Art des Webbrowsers, das verwendete Betriebssystem, den Domainnamen Ihres\u00a0Internet Service Providers und \u00c4hnliches. Hierbei handelt es sich ausschlie\u00dflich um\u00a0Informationen, welche keine R\u00fcckschl\u00fcsse auf Ihre Person zulassen. Diese\u00a0Informationen sind technisch notwendig, um von Ihnen angeforderte Inhalte von\u00a0Webseiten korrekt auszuliefern und fallen bei Nutzung des Internets zwingend an.\u00a0Anonyme Informationen dieser Art werden von uns statistisch ausgewertet, um\u00a0unseren Internetauftritt und die dahinterstehende Technik zu optimieren.<\/p>\n<p><strong>SSL-Verschl\u00fcsselung<\/strong><br \/>\nUm die Sicherheit Ihrer Daten bei der \u00dcbertragung zu sch\u00fctzen, verwenden wir dem\u00a0aktuellen Stand der Technik entsprechende Verschl\u00fcsselungsverfahren (z. B. SSL)\u00a0\u00fcber HTTPS.<\/p>\n<p><strong>Nutzungs-Statistik und Cookies<\/strong><br \/>\nZur Ermittlung des Nutzungsverhaltens unserer Besucher setzen wir die\u00a0OpenSource-Software MATOMO (ehemals \u201ePiwik\u201c) ein. Die Software ist auf unserem\u00a0eigenen Webserver gehostet, so dass keine Daten an Dritte \u00fcbermittelt werden. In\u00a0MATOMO werden Nutzungs-Statistiken erstellt und die letzten beiden Zahlen Ihrer\u00a0IP-Adresse gek\u00fcrzt, sodass wir keinen Personenbezug mehr herstellen k\u00f6nnen.\u00a0Erkennbar bleibt, aus welchem Land Sie auf unsere Website zugreifen.<\/p>\n<p>F\u00fcr die oben genannten statistischen Zwecke nutzen wir auch verschiedene Cookies.\u00a0Es handelt sich hierbei um sogenannte \u201eFirst-Party-Cookies\u201c, die nur von unserem\u00a0eigenen Webserver gelesen bzw. geschrieben werden. S\u00e4mtliche Cookies werden\u00a0nur mit Ihrer Einwilligung gespeichert. (siehe:\u00a0Cookie-\/Zustimmungs-<wbr \/>Einstel\u00adlungen)<\/p>\n<p><strong>Links zu Webseiten anderer Anbieter<\/strong><br \/>\nUnser Online-Angebot enth\u00e4lt Links zu Webseiten anderer Anbieter, auf die sich\u00a0unsere Datenschutzerkl\u00e4rung nicht erstreckt. Wir weisen darauf hin, dass die\u00a0Betreiber dieser fremden Internetseiten die Daten von Besucherinnen bzw.\u00a0Besuchern erheben, auswerten und weiterverarbeiten k\u00f6nnen. Wir haben in der\u00a0Regel keinen Einfluss auf den Inhalt und die Einhaltung der\u00a0Datenschutzbestimmungen durch diese Anbieter und bitten Sie daher, sich beim\u00a0Besuch dieser Internetseiten \u00fcber die dort geltenden Richtlinien zu informieren.<\/p>\n<p><strong>Ihre Rechte auf Auskunft, Berichtigung, Sperre, L\u00f6schung und Widerspruch<\/strong><br \/>\nSie haben das Recht, jederzeit Auskunft \u00fcber Ihre bei uns gespeicherten\u00a0<wbr \/>personenbezogenen Daten zu erhalten. Ebenso haben Sie das Recht auf\u00a0Berichtigung, Sperrung oder, abgesehen von der vorgeschriebenen\u00a0<wbr \/>Datenspeicherung zur Gesch\u00e4ftsabwicklung, L\u00f6schung Ihrer personenbezogenen\u00a0Daten. Bitte wenden Sie sich dazu an unseren Datenschutzbeauftragten. Die\u00a0Kontaktdaten finden Sie ganz unten.<\/p>\n<p>Damit eine Sperre von Daten jederzeit ber\u00fccksichtigt werden kann, m\u00fcssen diese\u00a0Daten zu Kontrollzwecken in einer Sperrdatei vorgehalten werden. Sie k\u00f6nnen auch\u00a0die L\u00f6schung der Daten verlangen, soweit keine gesetzliche\u00a0<wbr \/>Archivierungsverpflichtung besteht. Soweit eine solche Verpflichtung besteht, sperren\u00a0wir Ihre Daten auf Wunsch.<\/p>\n<p>Sie k\u00f6nnen \u00c4nderungen oder den Widerruf einer Einwilligung durch entsprechende\u00a0Mitteilung an uns mit Wirkung f\u00fcr die Zukunft vornehmen.<\/p>\n<p><strong>\u00c4nderung unserer Datenschutzbestimmungen<\/strong><br \/>\nWir behalten uns vor, diese Datenschutzerkl\u00e4rung gelegentlich anzupassen, damit\u00a0sie stets den aktuellen rechtlichen Anforderungen entspricht oder um \u00c4nderungen\u00a0unserer Leistungen in der Datenschutzerkl\u00e4rung umzusetzen, z. B. bei der\u00a0Einf\u00fchrung neuer Services. F\u00fcr Ihren erneuten Besuch gilt dann die neue\u00a0Datenschutzerkl\u00e4rung.<\/p>\n<p><strong>Cookie-\/Zustimmungs-Einstel\u00ad<wbr \/>lungen<\/strong><br \/>\nNotwendig<br \/>\nDiese Cookies sind zur Funktion unserer Website erforderlich und\u00a0k\u00f6nnen in unseren Systemen nicht deaktiviert werden. In der Regel\u00a0werden diese Cookies nur als Reaktion auf von Ihnen get\u00e4tigten\u00a0Aktionen gesetzt, die einer Dienstanforderung entsprechen, wie\u00a0etwa dem Festlegen Ihrer Datenschutzeinstellungen, dem\u00a0Anmelden oder dem Ausf\u00fcllen von Formularen. Sie k\u00f6nnen Ihren\u00a0Browser so einstellen, dass diese Cookies blockiert oder Sie \u00fcber\u00a0diese Cookies benachrichtigt werden. Einige Bereiche der\u00a0Webseite funktionieren dann aber m\u00f6glicherweise nicht.<br \/>\nKonfiguration der Datenschutzeinstellungen<br \/>\nEs werden lokale Werte (&#8222;localStorage&#8220;) in ihrem Browser\u00a0gespeichert, um die konfigurierten Werte der\u00a0Datenschutzeinstellungen (&#8222;Cookiebar&#8220;) zu speichern. Dazu\u00a0werden keinerlei personenbezogene Daten erhoben.<\/p>\n<div>\u2022 contao-privacy-center.hidden &#8211; Notwendig f\u00fcr die Speicherung\u00a0der Sichtbarkeit der Cookiebar<\/div>\n<div>\u2022 contao-privacy-center.state &#8211; Notwendig f\u00fcr die Speicherung der\u00a0Einstellungen der Cookiebar<\/div>\n<p><strong>PHP-Sitzungscookie<\/strong><br \/>\nWir verwenden auf unserer Webseite sog. Session-Cookies (auch\u00a0tempor\u00e4re oder transiente Cookies genannt). Diese Session-Cookies werden ausschlie\u00dflich f\u00fcr die Dauer Ihrer Nutzung unserer\u00a0Webseite gespeichert. Die von uns eingesetzten Session-Cookies\u00a0dienen ausschlie\u00dflich dazu, Sie zu identifizieren, solange Sie auf\u00a0unserer Webseite eingeloggt sind. Nach Beendigung jeder Sitzung\u00a0werden die Session-Cookies gel\u00f6scht. Eine dar\u00fcber\u00a0hinausgehende Verwendung der Session-Cookies findet nicht statt.<\/p>\n<p>Diese Cookies sind zur Funktion unserer Website unbedingt\u00a0erforderlich und k\u00f6nnen in unseren Systemen nicht deaktiviert\u00a0werden. In der Regel werden diese Cookies nur als Reaktion auf\u00a0von Ihnen get\u00e4tigten Aktionen gesetzt, die einer Dienstanforderung\u00a0entsprechen, wie etwa dem Festlegen Ihrer\u00a0<wbr \/>Datenschutzeinstellungen, dem Anmelden oder dem Ausf\u00fcllen von\u00a0Formularen. Sie k\u00f6nnen Ihren Browser so einstellen, dass diese\u00a0Cookies blockiert oder Sie \u00fcber diese Cookies benachrichtigt\u00a0werden. Einige Bereiche der Website funktionieren dann aber\u00a0m\u00f6glicherweise nicht.<\/p>\n<p>Der Einsatz dieser Session-Cookies erfolgt auf der Grundlage des\u00a0Art. 6 Abs. 1 lit. f) DSGVO. Ohne Verwendung dieser Cookies sind\u00a0das Angebot der Webseite sowie Aufruf und Nutzung der Webseite\u00a0durch Sie technisch nicht m\u00f6glich.<\/p>\n<p>Name\u00a0 Typ\u00a0 Zweck\u00a0 Ablaufzeitpunkt<br \/>\nPHPSESSID Cookie Notwendig f\u00fcr die Ausf\u00fchrung Browser-Sitzung<br \/>\nContao HTTPS CSRF Token<br \/>\nName\u00a0 Typ\u00a0 Zweck\u00a0 Ablaufzeitpunkt<br \/>\ncsrf_https-contao_csrf_token Cookie Dient der Sicherheit der Website vor Cross-Site-Request-Forgery-<wbr \/>Angriffen. Browser-Sitzung<\/p>\n<\/div><\/section><\/p><\/div>\n","protected":false},"excerpt":{"rendered":"","protected":false},"author":1,"featured_media":0,"parent":0,"menu_order":0,"comment_status":"closed","ping_status":"closed","template":"","meta":{"footnotes":""},"class_list":["post-144","page","type-page","status-publish","hentry"],"yoast_head":"<!-- This site is optimized with the Yoast SEO plugin v22.6 - https:\/\/yoast.com\/wordpress\/plugins\/seo\/ -->\n<title>Datenschutzerkl\u00e4rung - Runder Tisch<\/title>\n<meta name=\"robots\" content=\"index, follow, max-snippet:-1, max-image-preview:large, max-video-preview:-1\" \/>\n<link rel=\"canonical\" href=\"https:\/\/www.rundertischgegengewalt-rbk.de\/?page_id=144\" \/>\n<meta property=\"og:locale\" content=\"de_DE\" \/>\n<meta property=\"og:type\" content=\"article\" \/>\n<meta property=\"og:title\" content=\"Datenschutzerkl\u00e4rung - Runder Tisch\" \/>\n<meta property=\"og:url\" content=\"https:\/\/www.rundertischgegengewalt-rbk.de\/?page_id=144\" \/>\n<meta property=\"og:site_name\" content=\"Runder Tisch\" \/>\n<meta property=\"article:modified_time\" content=\"2021-11-20T15:35:49+00:00\" \/>\n<meta name=\"twitter:card\" content=\"summary_large_image\" \/>\n<meta name=\"twitter:label1\" content=\"Gesch\u00e4tzte Lesezeit\" \/>\n\t<meta name=\"twitter:data1\" content=\"7\u00a0Minuten\" \/>\n<script type=\"application\/ld+json\" class=\"yoast-schema-graph\">{\"@context\":\"https:\/\/schema.org\",\"@graph\":[{\"@type\":\"WebPage\",\"@id\":\"https:\/\/www.rundertischgegengewalt-rbk.de\/?page_id=144\",\"url\":\"https:\/\/www.rundertischgegengewalt-rbk.de\/?page_id=144\",\"name\":\"Datenschutzerkl\u00e4rung - Runder Tisch\",\"isPartOf\":{\"@id\":\"https:\/\/www.rundertischgegengewalt-rbk.de\/#website\"},\"datePublished\":\"2021-11-19T15:01:29+00:00\",\"dateModified\":\"2021-11-20T15:35:49+00:00\",\"breadcrumb\":{\"@id\":\"https:\/\/www.rundertischgegengewalt-rbk.de\/?page_id=144#breadcrumb\"},\"inLanguage\":\"de\",\"potentialAction\":[{\"@type\":\"ReadAction\",\"target\":[\"https:\/\/www.rundertischgegengewalt-rbk.de\/?page_id=144\"]}]},{\"@type\":\"BreadcrumbList\",\"@id\":\"https:\/\/www.rundertischgegengewalt-rbk.de\/?page_id=144#breadcrumb\",\"itemListElement\":[{\"@type\":\"ListItem\",\"position\":1,\"name\":\"Startseite\",\"item\":\"https:\/\/www.rundertischgegengewalt-rbk.de\/\"},{\"@type\":\"ListItem\",\"position\":2,\"name\":\"Datenschutzerkl\u00e4rung\"}]},{\"@type\":\"WebSite\",\"@id\":\"https:\/\/www.rundertischgegengewalt-rbk.de\/#website\",\"url\":\"https:\/\/www.rundertischgegengewalt-rbk.de\/\",\"name\":\"Runder Tisch\",\"description\":\"Keine Gewalt an Frauen\",\"publisher\":{\"@id\":\"https:\/\/www.rundertischgegengewalt-rbk.de\/#organization\"},\"potentialAction\":[{\"@type\":\"SearchAction\",\"target\":{\"@type\":\"EntryPoint\",\"urlTemplate\":\"https:\/\/www.rundertischgegengewalt-rbk.de\/?s={search_term_string}\"},\"query-input\":\"required name=search_term_string\"}],\"inLanguage\":\"de\"},{\"@type\":\"Organization\",\"@id\":\"https:\/\/www.rundertischgegengewalt-rbk.de\/#organization\",\"name\":\"Runder Tisch gegen h\u00e4usliche Gewalt im Rheinisch-Bergischen-Kreis\",\"url\":\"https:\/\/www.rundertischgegengewalt-rbk.de\/\",\"logo\":{\"@type\":\"ImageObject\",\"inLanguage\":\"de\",\"@id\":\"https:\/\/www.rundertischgegengewalt-rbk.de\/#\/schema\/logo\/image\/\",\"url\":\"http:\/\/www.rundertischgegengewalt-rbk.de\/wp-content\/uploads\/2021\/10\/logo_mit_schrift.png\",\"contentUrl\":\"http:\/\/www.rundertischgegengewalt-rbk.de\/wp-content\/uploads\/2021\/10\/logo_mit_schrift.png\",\"width\":598,\"height\":558,\"caption\":\"Runder Tisch gegen h\u00e4usliche Gewalt im Rheinisch-Bergischen-Kreis\"},\"image\":{\"@id\":\"https:\/\/www.rundertischgegengewalt-rbk.de\/#\/schema\/logo\/image\/\"}}]}<\/script>\n<!-- \/ Yoast SEO plugin. -->","yoast_head_json":{"title":"Datenschutzerkl\u00e4rung - Runder Tisch","robots":{"index":"index","follow":"follow","max-snippet":"max-snippet:-1","max-image-preview":"max-image-preview:large","max-video-preview":"max-video-preview:-1"},"canonical":"https:\/\/www.rundertischgegengewalt-rbk.de\/?page_id=144","og_locale":"de_DE","og_type":"article","og_title":"Datenschutzerkl\u00e4rung - Runder Tisch","og_url":"https:\/\/www.rundertischgegengewalt-rbk.de\/?page_id=144","og_site_name":"Runder Tisch","article_modified_time":"2021-11-20T15:35:49+00:00","twitter_card":"summary_large_image","twitter_misc":{"Gesch\u00e4tzte Lesezeit":"7\u00a0Minuten"},"schema":{"@context":"https:\/\/schema.org","@graph":[{"@type":"WebPage","@id":"https:\/\/www.rundertischgegengewalt-rbk.de\/?page_id=144","url":"https:\/\/www.rundertischgegengewalt-rbk.de\/?page_id=144","name":"Datenschutzerkl\u00e4rung - Runder Tisch","isPartOf":{"@id":"https:\/\/www.rundertischgegengewalt-rbk.de\/#website"},"datePublished":"2021-11-19T15:01:29+00:00","dateModified":"2021-11-20T15:35:49+00:00","breadcrumb":{"@id":"https:\/\/www.rundertischgegengewalt-rbk.de\/?page_id=144#breadcrumb"},"inLanguage":"de","potentialAction":[{"@type":"ReadAction","target":["https:\/\/www.rundertischgegengewalt-rbk.de\/?page_id=144"]}]},{"@type":"BreadcrumbList","@id":"https:\/\/www.rundertischgegengewalt-rbk.de\/?page_id=144#breadcrumb","itemListElement":[{"@type":"ListItem","position":1,"name":"Startseite","item":"https:\/\/www.rundertischgegengewalt-rbk.de\/"},{"@type":"ListItem","position":2,"name":"Datenschutzerkl\u00e4rung"}]},{"@type":"WebSite","@id":"https:\/\/www.rundertischgegengewalt-rbk.de\/#website","url":"https:\/\/www.rundertischgegengewalt-rbk.de\/","name":"Runder Tisch","description":"Keine Gewalt an Frauen","publisher":{"@id":"https:\/\/www.rundertischgegengewalt-rbk.de\/#organization"},"potentialAction":[{"@type":"SearchAction","target":{"@type":"EntryPoint","urlTemplate":"https:\/\/www.rundertischgegengewalt-rbk.de\/?s={search_term_string}"},"query-input":"required name=search_term_string"}],"inLanguage":"de"},{"@type":"Organization","@id":"https:\/\/www.rundertischgegengewalt-rbk.de\/#organization","name":"Runder Tisch gegen h\u00e4usliche Gewalt im Rheinisch-Bergischen-Kreis","url":"https:\/\/www.rundertischgegengewalt-rbk.de\/","logo":{"@type":"ImageObject","inLanguage":"de","@id":"https:\/\/www.rundertischgegengewalt-rbk.de\/#\/schema\/logo\/image\/","url":"http:\/\/www.rundertischgegengewalt-rbk.de\/wp-content\/uploads\/2021\/10\/logo_mit_schrift.png","contentUrl":"http:\/\/www.rundertischgegengewalt-rbk.de\/wp-content\/uploads\/2021\/10\/logo_mit_schrift.png","width":598,"height":558,"caption":"Runder Tisch gegen h\u00e4usliche Gewalt im Rheinisch-Bergischen-Kreis"},"image":{"@id":"https:\/\/www.rundertischgegengewalt-rbk.de\/#\/schema\/logo\/image\/"}}]}},"_links":{"self":[{"href":"https:\/\/www.rundertischgegengewalt-rbk.de\/index.php?rest_route=\/wp\/v2\/pages\/144","targetHints":{"allow":["GET"]}}],"collection":[{"href":"https:\/\/www.rundertischgegengewalt-rbk.de\/index.php?rest_route=\/wp\/v2\/pages"}],"about":[{"href":"https:\/\/www.rundertischgegengewalt-rbk.de\/index.php?rest_route=\/wp\/v2\/types\/page"}],"author":[{"embeddable":true,"href":"https:\/\/www.rundertischgegengewalt-rbk.de\/index.php?rest_route=\/wp\/v2\/users\/1"}],"replies":[{"embeddable":true,"href":"https:\/\/www.rundertischgegengewalt-rbk.de\/index.php?rest_route=%2Fwp%2Fv2%2Fcomments&post=144"}],"version-history":[{"count":3,"href":"https:\/\/www.rundertischgegengewalt-rbk.de\/index.php?rest_route=\/wp\/v2\/pages\/144\/revisions"}],"predecessor-version":[{"id":197,"href":"https:\/\/www.rundertischgegengewalt-rbk.de\/index.php?rest_route=\/wp\/v2\/pages\/144\/revisions\/197"}],"wp:attachment":[{"href":"https:\/\/www.rundertischgegengewalt-rbk.de\/index.php?rest_route=%2Fwp%2Fv2%2Fmedia&parent=144"}],"curies":[{"name":"wp","href":"https:\/\/api.w.org\/{rel}","templated":true}]}}